{"id":1792,"date":"2025-06-12T17:54:01","date_gmt":"2025-06-12T16:54:01","guid":{"rendered":"https:\/\/iesmaimonides.es\/?page_id=1792"},"modified":"2025-06-12T17:54:01","modified_gmt":"2025-06-12T16:54:01","slug":"ciclo-formativo-de-grado-basico-servicios-administrativos","status":"publish","type":"page","link":"https:\/\/iesmaimonides.es\/?page_id=1792","title":{"rendered":"CICLO FORMATIVO DE GRADO B\u00c1SICO SERVICIOS ADMINISTRATIVOS"},"content":{"rendered":"<p><a name=\"_Hlk199239918\"><\/a> <span style=\"color: #0070c0;\"><span style=\"font-size: x-large;\"><u><b>CICLO FORMATIVO DE GRADO B\u00c1SICO SERVICIOS ADMINISTRATIVOS<\/b><\/u><\/span><\/span><\/p>\n<p><span style=\"color: #0070c0;\"><span style=\"font-size: x-large;\"><u><b>\u00bfEn qu\u00e9 consiste?<\/b><\/u><\/span><\/span><\/p>\n<p>El Ciclo Formativo de Grado B\u00e1sico en Servicios Administrativos (2.000 horas) se divide en dos cursos acad\u00e9micos en horario de lunes a viernes de 8:15 a 14:45. Los m\u00f3dulos profesionales que se imparten en cada uno de los cursos son:<\/p>\n<p><b>Primer curso:<\/b><\/p>\n<ul>\n<li>Tratamiento inform\u00e1tico de datos<\/li>\n<li>T\u00e9cnicas administrativas b\u00e1sicas<\/li>\n<li>Atenci\u00f3n al Cliente<\/li>\n<li>Itinerario Personal<\/li>\n<li>Comunicaci\u00f3n y Ciencias Sociales I<\/li>\n<li>Ciencias Aplicadas I<\/li>\n<li>Tutor\u00eda<\/li>\n<\/ul>\n<p><b>Segundo curso:<\/b><\/p>\n<ul>\n<li><a name=\"_Hlk199239737\"><\/a> Aplicaciones b\u00e1sicas de ofim\u00e1tica<\/li>\n<li>Archivo y comunicaci\u00f3n<\/li>\n<li>Preparaci\u00f3n de pedidos y venta de productos<\/li>\n<li>Proyecto intermodular de aprendizaje colaborativo<\/li>\n<li>Comunicaci\u00f3n y Ciencias Sociales II<\/li>\n<li>Ciencias Aplicadas II<\/li>\n<li>Tutor\u00eda<\/li>\n<\/ul>\n<p><span style=\"color: #0070c0;\"><span style=\"font-size: x-large;\"><u><b>Formaci\u00f3n en empresas<\/b><\/u><\/span><\/span><\/p>\n<p>Dentro del calendario del curso, realizar\u00e1s una fase de formaci\u00f3n en la empresa, que tendr\u00e1 una duraci\u00f3n m\u00ednima del 20% de la duraci\u00f3n total prevista de la formaci\u00f3n (400 horas).<\/p>\n<p>No es necesario haber finalizado todos los m\u00f3dulos profesionales antes de cursar esta fase. Podr\u00e1s compatibilizar las ense\u00f1anzas te\u00f3rico\/pr\u00e1cticas en el centro educativo y los aprendizajes pr\u00e1cticos en el per\u00edodo de formaci\u00f3n en empresa.<\/p>\n<p><span style=\"color: #0070c0;\"><span style=\"font-size: x-large;\"><u><b>\u00bfQu\u00e9 ventajas tiene esta modalidad?<\/b><\/u><\/span><\/span><\/p>\n<ul>\n<li>Es una formaci\u00f3n integral ya que combina <b>formaci\u00f3n en el instituto y en empresas del entorno<\/b>.<\/li>\n<li>Es una oferta <b>p\u00fablica y gratuita<\/b>.<\/li>\n<li>Puedes trabajar tanto en <b>empresas privadas<\/b> como en <b>p\u00fablicas<\/b>.<\/li>\n<\/ul>\n<p><span style=\"color: #0070c0;\"><span style=\"font-size: x-large;\"><u><b>\u00bfCu\u00e1les son los requisitos?<\/b><\/u><\/span><\/span><\/p>\n<ul>\n<li>Tener <b>cumplidos quince a\u00f1os<\/b>, o cumplirlos durante el a\u00f1o natural en curso, <b>y no superar los diecisiete a\u00f1os<\/b> de edad en el momento del acceso o durante el a\u00f1o natural en curso.<\/li>\n<li><b>Haber cursado el primer ciclo de Educaci\u00f3n Secundaria Obligatoria (3\u00ba de la ESO)<\/b> o, excepcionalmente, haber cursado el segundo curso de la Educaci\u00f3n Secundaria Obligatoria.<\/li>\n<li><b>Haber propuesto el equipo docente<\/b> a los padres, madres o tutores legales la incorporaci\u00f3n del alumno o alumna a un ciclo de Formaci\u00f3n Profesional B\u00e1sica.<\/li>\n<\/ul>\n<p><span style=\"color: #0070c0;\"><span style=\"font-size: x-large;\"><u><b>Formamos T\u00e9cnicos B\u00e1sicos en Servicios Administrativos.<\/b><\/u><\/span><\/span><\/p>\n<p>Este profesional ejerce tareas administrativas y de gesti\u00f3n b\u00e1sicas de forma aut\u00f3noma, responsable con iniciativa personal, asegurando la calidad del trabajo y cumpliendo con las normas de seguridad e higiene en el trabajo. Se incluye la comunicaci\u00f3n eficaz, tanto oral como escrita, en castellano y, si es necesario, en la lengua cooficial propia, as\u00ed como en una lengua extranjera.<\/p>\n<p><span style=\"color: #0070c0;\"><span style=\"font-size: x-large;\"><u><b>\u00bfQu\u00e9 vas a aprender?<\/b><\/u><\/span><\/span><\/p>\n<ul>\n<li>Preparar equipos y aplicaciones inform\u00e1ticas para llevar a cabo la grabaci\u00f3n, tratamiento e impresi\u00f3n de datos y textos, asegurando su funcionamiento.<\/li>\n<li>Elaborar documentos, utilizando el lenguaje cient\u00edfico y los recursos gr\u00e1ficos y expositivos en funci\u00f3n de los contextos de aplicaci\u00f3n, asegurando su confidencialidad, y utilizando aplicaciones inform\u00e1ticas.<\/li>\n<li>Realizar tareas b\u00e1sicas de almacenamiento y archivo de informaci\u00f3n y documentaci\u00f3n, tanto en soporte digital como convencional, de acuerdo con los protocolos establecidos.<\/li>\n<li>Realizar labores de reprograf\u00eda y encuadernado b\u00e1sico de documentos de acuerdo a los criterios de calidad establecidos.<\/li>\n<li>Tramitar correspondencia y paqueter\u00eda, interna o externa, utilizando los medios y criterios establecidos.<\/li>\n<li>Realizar operaciones b\u00e1sicas de tesorer\u00eda, utilizando los documentos adecuados en cada caso.<\/li>\n<\/ul>\n<p><span style=\"color: #0070c0;\"><span style=\"font-size: x-large;\"><u><b>Salidas profesionales<\/b><\/u><\/span><\/span><\/p>\n<ul>\n<li>Auxiliar de oficina.<\/li>\n<li>Auxiliar de servicios generales.<\/li>\n<li>Auxiliar de archivo.<\/li>\n<li>Ordenanza.<\/li>\n<li>Auxiliar de informaci\u00f3n.<\/li>\n<li>Telefonista en servicios centrales de informaci\u00f3n.<\/li>\n<li>Clasificador \/ clasificadora y\/o repartidor \/ repartidora de correspondencia.<\/li>\n<li>Grabador-verificador \/ grabadora-verificadora de datos.<\/li>\n<li>Auxiliar de digitalizaci\u00f3n.<\/li>\n<li>Operador \/ operadora documental.<\/li>\n<li>Auxiliar de venta.<\/li>\n<li>Auxiliar de dependiente de comercio<\/li>\n<li>Operador \/ operadora de cobro o Cajera \/ cajero.<\/li>\n<\/ul>\n<p>Puedes trabajar en centros, oficinas, despachos y departamentos administrativos o comerciales de car\u00e1cter privado o p\u00fablico, en todos los sectores productivos.<\/p>\n<p><span style=\"color: #0070c0;\"><span style=\"font-size: x-large;\"><u><b>No lo dudes, ap\u00fantate\u2026<\/b><\/u><\/span><\/span><\/p>\n<p>Para m\u00e1s informaci\u00f3n vis\u00edtanos en Calle Alfonso XIII 4, 14001, C\u00f3rdoba<\/p>\n<p>O contacta con nosotros:<\/p>\n<ul>\n<li><span lang=\"en-GB\">Email: <\/span><span style=\"color: #467886;\"><u><a href=\"mailto:14002923.edu@juntadeandalucia.es\"><span lang=\"en-GB\">14002923.edu@juntadeandalucia.es<\/span><\/a><\/u><\/span><\/li>\n<li><span lang=\"en-GB\">Tel\u00e9fono: 957379971<\/span><\/li>\n<\/ul>\n","protected":false},"excerpt":{"rendered":"<p>CICLO FORMATIVO DE GRADO B\u00c1SICO SERVICIOS ADMINISTRATIVOS \u00bfEn qu\u00e9 consiste? El Ciclo Formativo de Grado B\u00e1sico en Servicios Administrativos (2.000 horas) se divide en dos cursos acad\u00e9micos en horario de lunes a viernes de 8:15 a 14:45. Los m\u00f3dulos profesionales que se imparten en cada uno de los cursos son: Primer curso: Tratamiento inform\u00e1tico de [&hellip;]<\/p>\n","protected":false},"author":3,"featured_media":0,"parent":0,"menu_order":0,"comment_status":"closed","ping_status":"closed","template":"","meta":{"footnotes":""},"class_list":["post-1792","page","type-page","status-publish","hentry"],"jetpack_sharing_enabled":true,"_links":{"self":[{"href":"https:\/\/iesmaimonides.es\/index.php?rest_route=\/wp\/v2\/pages\/1792","targetHints":{"allow":["GET"]}}],"collection":[{"href":"https:\/\/iesmaimonides.es\/index.php?rest_route=\/wp\/v2\/pages"}],"about":[{"href":"https:\/\/iesmaimonides.es\/index.php?rest_route=\/wp\/v2\/types\/page"}],"author":[{"embeddable":true,"href":"https:\/\/iesmaimonides.es\/index.php?rest_route=\/wp\/v2\/users\/3"}],"replies":[{"embeddable":true,"href":"https:\/\/iesmaimonides.es\/index.php?rest_route=%2Fwp%2Fv2%2Fcomments&post=1792"}],"version-history":[{"count":1,"href":"https:\/\/iesmaimonides.es\/index.php?rest_route=\/wp\/v2\/pages\/1792\/revisions"}],"predecessor-version":[{"id":1793,"href":"https:\/\/iesmaimonides.es\/index.php?rest_route=\/wp\/v2\/pages\/1792\/revisions\/1793"}],"wp:attachment":[{"href":"https:\/\/iesmaimonides.es\/index.php?rest_route=%2Fwp%2Fv2%2Fmedia&parent=1792"}],"curies":[{"name":"wp","href":"https:\/\/api.w.org\/{rel}","templated":true}]}}