{"id":1789,"date":"2025-06-12T17:52:09","date_gmt":"2025-06-12T16:52:09","guid":{"rendered":"https:\/\/iesmaimonides.es\/?page_id=1789"},"modified":"2025-06-15T18:00:54","modified_gmt":"2025-06-15T17:00:54","slug":"ciclo-formativo-de-grado-medio-en-gestion-administrativa-oferta-completa","status":"publish","type":"page","link":"https:\/\/iesmaimonides.es\/?page_id=1789","title":{"rendered":"CICLO FORMATIVO DE GRADO MEDIO EN GESTI\u00d3N ADMINISTRATIVA (Oferta completa)"},"content":{"rendered":"<p><span style=\"color: #0070c0;\"><span style=\"font-size: x-large;\"><u><b>CICLO FORMATIVO DE GRADO MEDIO EN GESTI\u00d3N ADMNISTRATIVA (Oferta completa)<\/b><\/u><\/span><\/span><\/p>\n<p><span style=\"color: #0070c0;\"><span style=\"font-size: x-large;\"><u><b>\u00bfEn qu\u00e9 consiste?<\/b><\/u><\/span><\/span><\/p>\n<p>El Ciclo Formativo de Grado Medio de Gesti\u00f3n Administrativa (2.000 horas) se divide en dos cursos acad\u00e9micos en horario de lunes a viernes de 8:15 a 14:45. Los m\u00f3dulos profesionales que se imparten en cada uno de los cursos son:<\/p>\n<p><b>Primer curso:<\/b><\/p>\n<ul>\n<li>Ingl\u00e9s profesional GM<\/li>\n<li>Comunicaci\u00f3n empresarial y atenci\u00f3n al cliente<\/li>\n<li>Operaciones administrativas de compra-venta<\/li>\n<li>Empresa y Administraci\u00f3n<\/li>\n<li>Tratamiento inform\u00e1tico de la informaci\u00f3n<\/li>\n<li>T\u00e9cnica contable<\/li>\n<li>Digitalizaci\u00f3n aplicada al sistema productivo GM<\/li>\n<li>Sostenibilidad aplicada al sistema productivo<\/li>\n<li>Itinerario personal para la empleabilidad I<\/li>\n<\/ul>\n<p><b>Segundo curso:<\/b><\/p>\n<ul>\n<li>Operaciones administrativas de recursos humanos<\/li>\n<li>Tratamiento de la documentaci\u00f3n contable<\/li>\n<li>Empresa en el aula<\/li>\n<li>Operaciones auxiliares de gesti\u00f3n de tesorer\u00eda<\/li>\n<li>Itinerario personal para la empleabilidad II<\/li>\n<li>Proyecto Intermodular<\/li>\n<li>Optativa<\/li>\n<\/ul>\n<p>Dentro del calendario del curso, realizar\u00e1s una fase de formaci\u00f3n en la empresa, que tendr\u00e1 una duraci\u00f3n m\u00ednima del 25% de la duraci\u00f3n total prevista de la formaci\u00f3n (500 horas).<\/p>\n<p>No es necesario haber finalizado todos los m\u00f3dulos profesionales antes de cursar esta fase. Podr\u00e1s compatibilizar las ense\u00f1anzas te\u00f3rico\/pr\u00e1cticas en el centro educativo y los aprendizajes pr\u00e1cticos en el per\u00edodo de formaci\u00f3n en empresa.<\/p>\n<p><span style=\"color: #0070c0;\"><span style=\"font-size: x-large;\"><u><b>\u00bfQu\u00e9 ventajas tiene esta modalidad?<\/b><\/u><\/span><\/span><\/p>\n<ul>\n<li>Esta modalidad se adapta al alumnado adulto con responsabilidades laborales o familiares que quieran formarse en un <b>horario de ma\u00f1ana<\/b>.<\/li>\n<li>Es una oferta <b>p\u00fablica y gratuita<\/b>.<\/li>\n<li>Puedes trabajar tanto en <b>empresas privadas<\/b> como en <b>p\u00fablicas<\/b>, ofreci\u00e9ndote la posibilidad de <b>opositar para un empleo p\u00fablico<\/b>.<\/li>\n<\/ul>\n<p><span style=\"color: #0070c0;\"><span style=\"font-size: x-large;\"><u><b>\u00bfCu\u00e1les son los requisitos?<\/b><\/u><\/span><\/span><\/p>\n<p>De forma general, es necesario estar en posesi\u00f3n del T\u00edtulo de la ESO o equivalente. Para m\u00e1s informaci\u00f3n <span style=\"color: #467886;\"><u><a href=\"https:\/\/portals.ced.junta-andalucia.es\/educacion\/portals\/web\/formacion-profesional-andaluza\/docente\/ensenanzas\/fp-grado-medio\/requisitos\">pincha aqu\u00ed<\/a><\/u><\/span>.<\/p>\n<p><span style=\"color: #0070c0;\"><span style=\"font-size: x-large;\"><u><b>Formamos T\u00e9cnicos en Gesti\u00f3n Administrativa.<\/b><\/u><\/span><\/span><\/p>\n<p>Este profesional ejerce su actividad tanto en grandes como en medianas y peque\u00f1as empresas, en cualquier sector de actividad, y particularmente en el sector servicios, as\u00ed como en las administraciones p\u00fablicas, ofreciendo apoyo administrativo en las tareas de administraci\u00f3n y gesti\u00f3n de dichas empresas e instituciones y prestando atenci\u00f3n a los clientes y ciudadanos.<\/p>\n<p><span style=\"color: #0070c0;\"><span style=\"font-size: x-large;\"><u><b>\u00bfQu\u00e9 vas a aprender?<\/b><\/u><\/span><\/span><\/p>\n<ul>\n<li>Tramitar documentos o comunicaciones internas o externas en los circuitos de informaci\u00f3n de la empresa.<\/li>\n<li>Clasificar, registrar y archivar comunicaciones y documentos seg\u00fan las t\u00e9cnicas apropiadas y los par\u00e1metros establecidos en la empresa<\/li>\n<li>Registrar contablemente la documentaci\u00f3n soporte correspondiente a la operativa de la empresa en condiciones de seguridad y calidad.<\/li>\n<li>Realizar gestiones administrativas de tesorer\u00eda, siguiendo las normas y protocolos establecidos por la gerencia con el fin de mantener la liquidez de la organizaci\u00f3n.<\/li>\n<li>Efectuar las gestiones administrativas de las \u00e1reas de selecci\u00f3n y formaci\u00f3n de los recursos humanos de la empresa, ajust\u00e1ndose a la normativa vigente y a la pol\u00edtica empresarial, bajo la supervisi\u00f3n del responsable superior del departamento.<\/li>\n<li>Realizar las gestiones administrativas de la actividad comercial registrando la documentaci\u00f3n soporte correspondiente a determinadas obligaciones fiscales derivadas.<\/li>\n<li>Aplicar los protocolos de seguridad laboral y ambiental, higiene y calidad durante todo el proceso productivo, para evitar da\u00f1os en las personas y en el ambiente.<\/li>\n<li>Ejercer sus derechos y cumplir con las obligaciones derivadas de las relaciones laborales, de acuerdo con lo establecido en la legislaci\u00f3n vigente.<\/li>\n<li>Detectar y analizar oportunidades de empleo y autoempleo desarrollando una cultura emprendedora y adapt\u00e1ndose a diferentes puestos de trabajo y nuevas situaciones.<\/li>\n<\/ul>\n<h1 class=\"western\"><\/h1>\n<p><span style=\"color: #0070c0;\"><span style=\"font-size: x-large;\"><u><b>Salidas profesionales<\/b><\/u><\/span><\/span><\/p>\n<ul>\n<li>Auxiliar administrativo.<\/li>\n<li>Ayudante de oficina.<\/li>\n<li>Auxiliar administrativo de cobros y pagos<\/li>\n<li>Administrativa \/ administrativo comercial.<\/li>\n<li>Auxiliar administrativo de gesti\u00f3n de personal<\/li>\n<li>Auxiliar administrativo de las administraciones p\u00fablicas.<\/li>\n<li>Recepcionista.<\/li>\n<li>Empleada \/ empleado de atenci\u00f3n al cliente.<\/li>\n<li>Empleada \/ empleado de tesorer\u00eda.<\/li>\n<li>Empleada \/ empleado de medios de pago<\/li>\n<li>Puedes trabajar en cualquier sector de actividad, as\u00ed como en administraciones p\u00fablicas, ofreciendo apoyo administrativo en tareas de administraci\u00f3n y gesti\u00f3n y atenci\u00f3n a clientes y ciudadanos.<\/li>\n<\/ul>\n<p><span style=\"color: #0070c0;\"><span style=\"font-size: x-large;\"><u><b>No lo dudes, ap\u00fantate\u2026<\/b><\/u><\/span><\/span><\/p>\n<p>Para m\u00e1s informaci\u00f3n vis\u00edtanos en Calle Alfonso XIII 4, 14001, C\u00f3rdoba<\/p>\n<p>O contacta con nosotros:<\/p>\n<ul>\n<li><span lang=\"en-GB\">Email: <\/span><span style=\"color: #467886;\"><u><a href=\"mailto:14002923.edu@juntadeandalucia.es\"><span lang=\"en-GB\">14002923.edu@juntadeandalucia.es<\/span><\/a><\/u><\/span><\/li>\n<li><span lang=\"en-GB\">Tel\u00e9fono: 957379971<\/span><\/li>\n<\/ul>\n","protected":false},"excerpt":{"rendered":"<p>CICLO FORMATIVO DE GRADO MEDIO EN GESTI\u00d3N ADMNISTRATIVA (Oferta completa) \u00bfEn qu\u00e9 consiste? El Ciclo Formativo de Grado Medio de Gesti\u00f3n Administrativa (2.000 horas) se divide en dos cursos acad\u00e9micos en horario de lunes a viernes de 8:15 a 14:45. Los m\u00f3dulos profesionales que se imparten en cada uno de los cursos son: Primer curso: [&hellip;]<\/p>\n","protected":false},"author":3,"featured_media":0,"parent":0,"menu_order":0,"comment_status":"closed","ping_status":"closed","template":"","meta":{"footnotes":""},"class_list":["post-1789","page","type-page","status-publish","hentry"],"jetpack_sharing_enabled":true,"_links":{"self":[{"href":"https:\/\/iesmaimonides.es\/index.php?rest_route=\/wp\/v2\/pages\/1789","targetHints":{"allow":["GET"]}}],"collection":[{"href":"https:\/\/iesmaimonides.es\/index.php?rest_route=\/wp\/v2\/pages"}],"about":[{"href":"https:\/\/iesmaimonides.es\/index.php?rest_route=\/wp\/v2\/types\/page"}],"author":[{"embeddable":true,"href":"https:\/\/iesmaimonides.es\/index.php?rest_route=\/wp\/v2\/users\/3"}],"replies":[{"embeddable":true,"href":"https:\/\/iesmaimonides.es\/index.php?rest_route=%2Fwp%2Fv2%2Fcomments&post=1789"}],"version-history":[{"count":2,"href":"https:\/\/iesmaimonides.es\/index.php?rest_route=\/wp\/v2\/pages\/1789\/revisions"}],"predecessor-version":[{"id":1821,"href":"https:\/\/iesmaimonides.es\/index.php?rest_route=\/wp\/v2\/pages\/1789\/revisions\/1821"}],"wp:attachment":[{"href":"https:\/\/iesmaimonides.es\/index.php?rest_route=%2Fwp%2Fv2%2Fmedia&parent=1789"}],"curies":[{"name":"wp","href":"https:\/\/api.w.org\/{rel}","templated":true}]}}